{"id":31,"date":"2018-09-03T20:54:46","date_gmt":"2018-09-03T20:54:46","guid":{"rendered":"https:\/\/skak.is\/skaksamband\/?page_id=31"},"modified":"2024-08-30T18:53:24","modified_gmt":"2024-08-30T18:53:24","slug":"forsida","status":"publish","type":"page","link":"https:\/\/skak.is\/skaksamband\/","title":{"rendered":"Fors\u00ed\u00f0a"},"content":{"rendered":"<div id=\"td_uid_1_69f357c677711\" class=\"tdc-row\"><div class=\"vc_row td_uid_1_69f357c677719_rand  wpb_row td-pb-row\" >\n<style scoped>\n\n\/* custom css *\/\n.td_uid_1_69f357c677719_rand {\r\n                    min-height: 0;\r\n                }\n<\/style><div class=\"vc_column td_uid_2_69f357c67787e_rand  wpb_column vc_column_container tdc-column td-pb-span12\"><div class=\"wpb_wrapper\"><div class=\"td_block_wrap td_block_big_grid_7 td_uid_3_69f357c67795d_rand td-grid-style-1 td-hover-1 td-big-grids td-pb-border-top td_block_template_1\"  data-td-block-uid=\"td_uid_3_69f357c67795d\" >\n<style>\n\n\/* custom css *\/\n\n\n\/* phone *\/\n@media (max-width: 767px){\n.td_uid_3_69f357c67795d_rand .td_block_inner .td-big-grid-scroll .entry-title {\r\n\t\t\t\t\t@mx6f_title\r\n\t\t\t\t}\r\n\t\t\t\t.td_uid_3_69f357c67795d_rand .td-big-grid-scroll .td-post-category {\r\n\t\t\t\t\t@mx6f_cat\r\n\t\t\t\t}\n}\n<\/style><div id=td_uid_3_69f357c67795d class=\"td_block_inner\"><div class=\"td-big-grid-wrapper\">\r\n        <div class=\"td_module_mx12 td-animation-stack td-big-grid-post-0 td-big-grid-post td-small-thumb\">\r\n            <div class=\"td-module-thumb\"><a href=\"https:\/\/skak.is\/skaksamband\/2026\/04\/06\/askorendaflokkur-islandsmotsins-i-skak-fer-fram-31-mai-7-juni\/\" rel=\"bookmark\" class=\"td-image-wrap\" title=\"\u00c1skorendaflokkur \u00cdslandsm\u00f3tsins \u00ed sk\u00e1k fer fram 31. ma\u00ed &#8211; 7. j\u00fan\u00ed\"><img loading=\"lazy\" decoding=\"async\" width=\"356\" height=\"220\" class=\"entry-thumb\" src=\"https:\/\/i0.wp.com\/skak.is\/skaksamband\/wp-content\/uploads\/sites\/8\/2026\/04\/Askorendaflokkur2024_winners.png?resize=356%2C220&ssl=1\" srcset=\"https:\/\/i0.wp.com\/skak.is\/skaksamband\/wp-content\/uploads\/sites\/8\/2026\/04\/Askorendaflokkur2024_winners.png?resize=356%2C220&ssl=1 356w, https:\/\/i0.wp.com\/skak.is\/skaksamband\/wp-content\/uploads\/sites\/8\/2026\/04\/Askorendaflokkur2024_winners.png?zoom=2&resize=356%2C220&ssl=1 712w\" sizes=\"auto, (max-width: 356px) 100vw, 356px\" alt=\"\" title=\"\u00c1skorendaflokkur \u00cdslandsm\u00f3tsins \u00ed sk\u00e1k fer fram 31. ma\u00ed &#8211; 7. j\u00fan\u00ed\"\/><\/a><\/div>            <div class=\"td-meta-info-container\">\r\n                <div class=\"td-meta-align\">\r\n                    <div class=\"td-big-grid-meta\">\r\n                        <a href=\"https:\/\/skak.is\/skaksamband\/category\/frettir\/\" class=\"td-post-category\">Fr\u00e9ttir<\/a>                        <h3 class=\"entry-title td-module-title\"><a href=\"https:\/\/skak.is\/skaksamband\/2026\/04\/06\/askorendaflokkur-islandsmotsins-i-skak-fer-fram-31-mai-7-juni\/\" rel=\"bookmark\" title=\"\u00c1skorendaflokkur \u00cdslandsm\u00f3tsins \u00ed sk\u00e1k fer fram 31. ma\u00ed &#8211; 7. j\u00fan\u00ed\">\u00c1skorendaflokkur \u00cdslandsm\u00f3tsins \u00ed sk\u00e1k fer fram 31. ma\u00ed &#8211; 7. j\u00fan\u00ed<\/a><\/h3>                    <\/div>\r\n                    <div class=\"td-module-meta-info\">\r\n                        <span class=\"td-post-author-name\"><a href=\"https:\/\/skak.is\/skaksamband\/author\/gunnar\/\">Gunnar Bj\u00f6rnsson<\/a> <span>-<\/span> <\/span>                        <span class=\"td-post-date\"><time class=\"entry-date updated td-module-date\" datetime=\"2026-04-06T13:14:04+00:00\" >6. apr\u00edl, 2026<\/time><\/span>                    <\/div>\r\n                <\/div>\r\n            <\/div>\r\n\r\n        <\/div>\r\n\r\n        <div class=\"td-big-grid-scroll\">\r\n        <div class=\"td_module_mx12 td-animation-stack td-big-grid-post-1 td-big-grid-post td-small-thumb\">\r\n            <div class=\"td-module-thumb\"><a href=\"https:\/\/skak.is\/skaksamband\/2026\/01\/22\/islandsmot-grunnskolasveita-stulknaflokkar-fara-fram-24-januar\/\" rel=\"bookmark\" class=\"td-image-wrap\" title=\"\u00cdslandsm\u00f3t grunnsk\u00f3lasveita \u2013 st\u00falknaflokkar fara fram \u00e1 laugardaginn\"><img loading=\"lazy\" decoding=\"async\" width=\"356\" height=\"220\" class=\"entry-thumb\" src=\"https:\/\/i0.wp.com\/skak.is\/skaksamband\/wp-content\/uploads\/sites\/8\/2026\/01\/Clipboard_01-07-2026_01.jpg?resize=356%2C220&ssl=1\" srcset=\"https:\/\/i0.wp.com\/skak.is\/skaksamband\/wp-content\/uploads\/sites\/8\/2026\/01\/Clipboard_01-07-2026_01.jpg?resize=356%2C220&ssl=1 356w, https:\/\/i0.wp.com\/skak.is\/skaksamband\/wp-content\/uploads\/sites\/8\/2026\/01\/Clipboard_01-07-2026_01.jpg?zoom=2&resize=356%2C220&ssl=1 712w, https:\/\/i0.wp.com\/skak.is\/skaksamband\/wp-content\/uploads\/sites\/8\/2026\/01\/Clipboard_01-07-2026_01.jpg?zoom=3&resize=356%2C220&ssl=1 1068w\" sizes=\"auto, (max-width: 356px) 100vw, 356px\" alt=\"\" title=\"\u00cdslandsm\u00f3t grunnsk\u00f3lasveita \u2013 st\u00falknaflokkar fara fram \u00e1 laugardaginn\"\/><\/a><\/div>            <div class=\"td-meta-info-container\">\r\n                <div class=\"td-meta-align\">\r\n                    <div class=\"td-big-grid-meta\">\r\n                        <a href=\"https:\/\/skak.is\/skaksamband\/category\/frettir\/\" class=\"td-post-category\">Fr\u00e9ttir<\/a>                        <h3 class=\"entry-title td-module-title\"><a href=\"https:\/\/skak.is\/skaksamband\/2026\/01\/22\/islandsmot-grunnskolasveita-stulknaflokkar-fara-fram-24-januar\/\" rel=\"bookmark\" title=\"\u00cdslandsm\u00f3t grunnsk\u00f3lasveita \u2013 st\u00falknaflokkar fara fram \u00e1 laugardaginn\">\u00cdslandsm\u00f3t grunnsk\u00f3lasveita \u2013 st\u00falknaflokkar fara fram \u00e1 laugardaginn<\/a><\/h3>                    <\/div>\r\n                    <div class=\"td-module-meta-info\">\r\n                        <span class=\"td-post-author-name\"><a href=\"https:\/\/skak.is\/skaksamband\/author\/gunnar\/\">Gunnar Bj\u00f6rnsson<\/a> <span>-<\/span> <\/span>                        <span class=\"td-post-date\"><time class=\"entry-date updated td-module-date\" datetime=\"2026-01-22T07:38:19+00:00\" >22. jan\u00faar, 2026<\/time><\/span>                    <\/div>\r\n                <\/div>\r\n            <\/div>\r\n\r\n        <\/div>\r\n\r\n        \r\n        <div class=\"td_module_mx12 td-animation-stack td-big-grid-post-2 td-big-grid-post td-small-thumb\">\r\n            <div class=\"td-module-thumb\"><a href=\"https:\/\/skak.is\/skaksamband\/2025\/11\/30\/tiu-islandsmeistarar-kryndir-a-islandsmoti-ungmenna\/\" rel=\"bookmark\" class=\"td-image-wrap\" title=\"T\u00edu \u00cdslandsmeistarar kr\u00fdndir \u00e1 \u00cdslandsm\u00f3ti ungmenna!\"><img loading=\"lazy\" decoding=\"async\" width=\"356\" height=\"220\" class=\"entry-thumb\" src=\"https:\/\/i0.wp.com\/skak.is\/skaksamband\/wp-content\/uploads\/sites\/8\/2025\/11\/592424657_10239763644570601_4165790926094231818_n-1.jpg?resize=356%2C220&ssl=1\" srcset=\"https:\/\/i0.wp.com\/skak.is\/skaksamband\/wp-content\/uploads\/sites\/8\/2025\/11\/592424657_10239763644570601_4165790926094231818_n-1.jpg?resize=356%2C220&ssl=1 356w, https:\/\/i0.wp.com\/skak.is\/skaksamband\/wp-content\/uploads\/sites\/8\/2025\/11\/592424657_10239763644570601_4165790926094231818_n-1.jpg?zoom=2&resize=356%2C220&ssl=1 712w, https:\/\/i0.wp.com\/skak.is\/skaksamband\/wp-content\/uploads\/sites\/8\/2025\/11\/592424657_10239763644570601_4165790926094231818_n-1.jpg?zoom=3&resize=356%2C220&ssl=1 1068w\" sizes=\"auto, (max-width: 356px) 100vw, 356px\" alt=\"\" title=\"T\u00edu \u00cdslandsmeistarar kr\u00fdndir \u00e1 \u00cdslandsm\u00f3ti ungmenna!\"\/><\/a><\/div>            <div class=\"td-meta-info-container\">\r\n                <div class=\"td-meta-align\">\r\n                    <div class=\"td-big-grid-meta\">\r\n                        <a href=\"https:\/\/skak.is\/skaksamband\/category\/frettir\/\" class=\"td-post-category\">Fr\u00e9ttir<\/a>                        <h3 class=\"entry-title td-module-title\"><a href=\"https:\/\/skak.is\/skaksamband\/2025\/11\/30\/tiu-islandsmeistarar-kryndir-a-islandsmoti-ungmenna\/\" rel=\"bookmark\" title=\"T\u00edu \u00cdslandsmeistarar kr\u00fdndir \u00e1 \u00cdslandsm\u00f3ti ungmenna!\">T\u00edu \u00cdslandsmeistarar kr\u00fdndir \u00e1 \u00cdslandsm\u00f3ti ungmenna!<\/a><\/h3>                    <\/div>\r\n                    <div class=\"td-module-meta-info\">\r\n                        <span class=\"td-post-author-name\"><a href=\"https:\/\/skak.is\/skaksamband\/author\/gunnar\/\">Gunnar Bj\u00f6rnsson<\/a> <span>-<\/span> <\/span>                        <span class=\"td-post-date\"><time class=\"entry-date updated td-module-date\" datetime=\"2025-11-30T19:04:52+00:00\" >30. n\u00f3vember, 2025<\/time><\/span>                    <\/div>\r\n                <\/div>\r\n            <\/div>\r\n\r\n        <\/div>\r\n\r\n        \r\n        <div class=\"td_module_mx6 td-animation-stack td-big-grid-post-3 td-big-grid-post td-small-thumb\">\r\n            <div class=\"td-module-thumb\"><a href=\"https:\/\/skak.is\/skaksamband\/2025\/11\/28\/islandsmot-ungmenna-u8-u16-fer-fram-29-november-2\/\" rel=\"bookmark\" class=\"td-image-wrap\" title=\"\u00cdslandsm\u00f3t ungmenna (u8-u16) fer fram \u00e1 morgun &#8211; skr\u00e1ning lokar kl. 13 \u00ed dag\"><img loading=\"lazy\" decoding=\"async\" width=\"265\" height=\"198\" class=\"entry-thumb\" src=\"https:\/\/i0.wp.com\/skak.is\/skaksamband\/wp-content\/uploads\/sites\/8\/2025\/11\/Midgardur.jpg?resize=265%2C198&ssl=1\" srcset=\"https:\/\/i0.wp.com\/skak.is\/skaksamband\/wp-content\/uploads\/sites\/8\/2025\/11\/Midgardur.jpg?resize=80%2C60&ssl=1 80w, https:\/\/i0.wp.com\/skak.is\/skaksamband\/wp-content\/uploads\/sites\/8\/2025\/11\/Midgardur.jpg?resize=265%2C198&ssl=1 265w, https:\/\/i0.wp.com\/skak.is\/skaksamband\/wp-content\/uploads\/sites\/8\/2025\/11\/Midgardur.jpg?resize=485%2C360&ssl=1 485w, https:\/\/i0.wp.com\/skak.is\/skaksamband\/wp-content\/uploads\/sites\/8\/2025\/11\/Midgardur.jpg?zoom=3&resize=265%2C198&ssl=1 795w\" sizes=\"auto, (max-width: 265px) 100vw, 265px\" alt=\"\" title=\"\u00cdslandsm\u00f3t ungmenna (u8-u16) fer fram \u00e1 morgun &#8211; skr\u00e1ning lokar kl. 13 \u00ed dag\"\/><\/a><\/div>            <div class=\"td-meta-info-container\">\r\n                <div class=\"td-meta-align\">\r\n                    <div class=\"td-big-grid-meta\">\r\n                        <a href=\"https:\/\/skak.is\/skaksamband\/category\/frettir\/\" class=\"td-post-category\">Fr\u00e9ttir<\/a>                        <h3 class=\"entry-title td-module-title\"><a href=\"https:\/\/skak.is\/skaksamband\/2025\/11\/28\/islandsmot-ungmenna-u8-u16-fer-fram-29-november-2\/\" rel=\"bookmark\" title=\"\u00cdslandsm\u00f3t ungmenna (u8-u16) fer fram \u00e1 morgun &#8211; skr\u00e1ning lokar kl. 13 \u00ed dag\">\u00cdslandsm\u00f3t ungmenna (u8-u16) fer fram \u00e1 morgun &#8211; skr\u00e1ning lokar kl. 13 \u00ed dag<\/a><\/h3>                    <\/div>\r\n                <\/div>\r\n            <\/div>\r\n\r\n        <\/div>\r\n\r\n\r\n        \r\n        <div class=\"td_module_mx6 td-animation-stack td-big-grid-post-4 td-big-grid-post td-small-thumb\">\r\n            <div class=\"td-module-thumb\"><a href=\"https:\/\/skak.is\/skaksamband\/2025\/11\/06\/fyrri-hluti-islandsmots-skakfelaga-fer-fram-13-16-november\/\" rel=\"bookmark\" class=\"td-image-wrap\" title=\"\u00cdslandsm\u00f3t sk\u00e1kf\u00e9laga &#8211; opi\u00f0 fyrir skr\u00e1ningu \u00ed 4. deild til mi\u00f0n\u00e6ttis!\"><img decoding=\"async\" width=\"\" height=\"\" class=\"entry-thumb\" src=\"https:\/\/i0.wp.com\/skak.is\/skaksamband\/wp-content\/uploads\/sites\/8\/2025\/08\/c1ad015a-57a8-4b36-b799-23e9037dedf4.jpg?resize=265%2C198&ssl=1\" alt=\"\" title=\"\u00cdslandsm\u00f3t sk\u00e1kf\u00e9laga &#8211; opi\u00f0 fyrir skr\u00e1ningu \u00ed 4. deild til mi\u00f0n\u00e6ttis!\"\/><\/a><\/div>            <div class=\"td-meta-info-container\">\r\n                <div class=\"td-meta-align\">\r\n                    <div class=\"td-big-grid-meta\">\r\n                        <a href=\"https:\/\/skak.is\/skaksamband\/category\/frettir\/\" class=\"td-post-category\">Fr\u00e9ttir<\/a>                        <h3 class=\"entry-title td-module-title\"><a href=\"https:\/\/skak.is\/skaksamband\/2025\/11\/06\/fyrri-hluti-islandsmots-skakfelaga-fer-fram-13-16-november\/\" rel=\"bookmark\" title=\"\u00cdslandsm\u00f3t sk\u00e1kf\u00e9laga &#8211; opi\u00f0 fyrir skr\u00e1ningu \u00ed 4. deild til mi\u00f0n\u00e6ttis!\">\u00cdslandsm\u00f3t sk\u00e1kf\u00e9laga &#8211; opi\u00f0 fyrir skr\u00e1ningu \u00ed 4. deild til mi\u00f0n\u00e6ttis!<\/a><\/h3>                    <\/div>\r\n                <\/div>\r\n            <\/div>\r\n\r\n        <\/div>\r\n\r\n\r\n        \r\n        <div class=\"td_module_mx6 td-animation-stack td-big-grid-post-5 td-big-grid-post td-small-thumb\">\r\n            <div class=\"td-module-thumb\"><a href=\"https:\/\/skak.is\/skaksamband\/2025\/10\/30\/argjold-skaksambands-islands-2025-26\/\" rel=\"bookmark\" class=\"td-image-wrap\" title=\"\u00c1rgj\u00f6ld Sk\u00e1ksambands \u00cdslands 2025-26\"><img decoding=\"async\" width=\"\" height=\"\" class=\"entry-thumb\" src=\"https:\/\/i0.wp.com\/skak.is\/skaksamband\/wp-content\/uploads\/sites\/8\/2019\/08\/Skaksamband-logo_med_frettum.png?resize=265%2C198&ssl=1\" alt=\"\" title=\"\u00c1rgj\u00f6ld Sk\u00e1ksambands \u00cdslands 2025-26\"\/><\/a><\/div>            <div class=\"td-meta-info-container\">\r\n                <div class=\"td-meta-align\">\r\n                    <div class=\"td-big-grid-meta\">\r\n                        <a href=\"https:\/\/skak.is\/skaksamband\/category\/frettir\/\" class=\"td-post-category\">Fr\u00e9ttir<\/a>                        <h3 class=\"entry-title td-module-title\"><a href=\"https:\/\/skak.is\/skaksamband\/2025\/10\/30\/argjold-skaksambands-islands-2025-26\/\" rel=\"bookmark\" title=\"\u00c1rgj\u00f6ld Sk\u00e1ksambands \u00cdslands 2025-26\">\u00c1rgj\u00f6ld Sk\u00e1ksambands \u00cdslands 2025-26<\/a><\/h3>                    <\/div>\r\n                <\/div>\r\n            <\/div>\r\n\r\n        <\/div>\r\n\r\n\r\n        \r\n        <div class=\"td_module_mx6 td-animation-stack td-big-grid-post-6 td-big-grid-post td-small-thumb\">\r\n            <div class=\"td-module-thumb\"><a href=\"https:\/\/skak.is\/skaksamband\/2025\/08\/26\/motaaaetlun-si-starfsarid-2025-26\/\" rel=\"bookmark\" class=\"td-image-wrap\" title=\"M\u00f3ta\u00e1\u00e6tlun S\u00cd starfs\u00e1ri\u00f0 2025-26\"><img decoding=\"async\" width=\"\" height=\"\" class=\"entry-thumb\" src=\"https:\/\/i0.wp.com\/skak.is\/skaksamband\/wp-content\/uploads\/sites\/8\/2020\/03\/Skaksamband-logo_med_frettum.png?resize=265%2C198&ssl=1\" alt=\"\" title=\"M\u00f3ta\u00e1\u00e6tlun S\u00cd starfs\u00e1ri\u00f0 2025-26\"\/><\/a><\/div>            <div class=\"td-meta-info-container\">\r\n                <div class=\"td-meta-align\">\r\n                    <div class=\"td-big-grid-meta\">\r\n                        <a href=\"https:\/\/skak.is\/skaksamband\/category\/frettir\/\" class=\"td-post-category\">Fr\u00e9ttir<\/a>                        <h3 class=\"entry-title td-module-title\"><a href=\"https:\/\/skak.is\/skaksamband\/2025\/08\/26\/motaaaetlun-si-starfsarid-2025-26\/\" rel=\"bookmark\" title=\"M\u00f3ta\u00e1\u00e6tlun S\u00cd starfs\u00e1ri\u00f0 2025-26\">M\u00f3ta\u00e1\u00e6tlun S\u00cd starfs\u00e1ri\u00f0 2025-26<\/a><\/h3>                    <\/div>\r\n                <\/div>\r\n            <\/div>\r\n\r\n        <\/div>\r\n\r\n\r\n        <\/div><\/div><div class=\"clearfix\"><\/div><\/div><\/div> <!-- .\/block --><\/div><\/div><\/div><\/div>\r\n\t\t<script>\r\n\r\n\t\t\tjQuery(window).load(function () {\r\n\t\t\t\tjQuery('body').find('#td_uid_1_69f357c677711 .td-element-style').each(function (index, element) {\r\n\t\t\t\t\tjQuery(element).css('opacity', 1);\r\n\t\t\t\t\treturn;\r\n\t\t\t\t});\r\n\t\t\t});\r\n\r\n\t\t<\/script>\r\n\r\n\t\t\r\n\t\t\t<script>\r\n\r\n\t\t\t\tjQuery(window).ready(function () {\r\n\r\n\t\t\t\t\t\/\/ We need timeout because the content must be rendered and interpreted on client\r\n\t\t\t\t\tsetTimeout(function () {\r\n\r\n\t\t\t\t\t\tvar $content = jQuery('body').find('#tdc-live-iframe'),\r\n\t\t\t\t\t\t\trefWindow = undefined;\r\n\r\n\t\t\t\t\t\tif ($content.length) {\r\n\t\t\t\t\t\t\t$content = $content.contents();\r\n\t\t\t\t\t\t\trefWindow = document.getElementById('tdc-live-iframe').contentWindow || document.getElementById('tdc-live-iframe').contentDocument;\r\n\r\n\t\t\t\t\t\t} else {\r\n\t\t\t\t\t\t\t$content = jQuery('body');\r\n\t\t\t\t\t\t\trefWindow = window;\r\n\t\t\t\t\t\t}\r\n\r\n\t\t\t\t\t\t$content.find('#td_uid_1_69f357c677711 .td-element-style').each(function (index, element) {\r\n\t\t\t\t\t\t\tjQuery(element).css('opacity', 1);\r\n\t\t\t\t\t\t\treturn;\r\n\t\t\t\t\t\t});\r\n\t\t\t\t\t});\r\n\r\n\t\t\t\t}, 200);\r\n\t\t\t<\/script>\r\n\r\n\t\t\t<div id=\"td_uid_3_69f357c67b936\" class=\"tdc-row\"><div class=\"vc_row td_uid_4_69f357c67b93b_rand  wpb_row td-pb-row\" >\n<style scoped>\n\n\/* custom css *\/\n.td_uid_4_69f357c67b93b_rand {\r\n                    min-height: 0;\r\n                }\n<\/style><div class=\"vc_column td_uid_5_69f357c67ba4d_rand  wpb_column vc_column_container tdc-column td-pb-span8\"><div class=\"wpb_wrapper\"><div class=\"wpb_wrapper wpb_text_column td_block_wrap td_block_wrap vc_column_text td_uid_6_69f357c67bb0f_rand  td-pb-border-top td_block_template_1\"  data-td-block-uid=\"td_uid_6_69f357c67bb0f\" \"><div class=\"td-block-title-wrap\"><\/div><div class=\"td-fix-index\"><p><a href=\"https:\/\/skak.is\/skaksamband\/2020\/09\/08\/uppfaerdar-sottvarnarreglur-midadar-vid-tilslakanir-7-september-2020-2\/\"><img data-recalc-dims=\"1\" loading=\"lazy\" decoding=\"async\" class=\"alignnone wp-image-1432 size-full\" src=\"https:\/\/i0.wp.com\/skak.is\/skaksamband\/wp-content\/uploads\/sites\/8\/2020\/09\/Sottvarnarreglur_SI_bordi.png?resize=696%2C60&#038;ssl=1\" alt=\"\" width=\"696\" height=\"60\" srcset=\"https:\/\/i0.wp.com\/skak.is\/skaksamband\/wp-content\/uploads\/sites\/8\/2020\/09\/Sottvarnarreglur_SI_bordi.png?w=696&amp;ssl=1 696w, https:\/\/i0.wp.com\/skak.is\/skaksamband\/wp-content\/uploads\/sites\/8\/2020\/09\/Sottvarnarreglur_SI_bordi.png?resize=300%2C26&amp;ssl=1 300w\" sizes=\"auto, (max-width: 696px) 100vw, 696px\" \/><\/a><\/p>\n<p><a href=\"https:\/\/skakmenn.skak.is\" target=\"_blank\" rel=\"noopener noreferrer\"><img data-recalc-dims=\"1\" loading=\"lazy\" decoding=\"async\" class=\"alignnone wp-image-8667 size-full\" src=\"https:\/\/i0.wp.com\/skak.is\/wp-content\/uploads\/2019\/10\/felagagrunnur-skakmanna-banner.png?resize=696%2C60&#038;ssl=1\" alt=\"\" width=\"696\" height=\"60\" \/><\/a><\/p>\n<\/div><\/div><div class=\"td_block_wrap td_block_11 td_uid_7_69f357c67c685_rand td-pb-border-top td_block_template_1 td-column-2\"  data-td-block-uid=\"td_uid_7_69f357c67c685\" ><script>var block_td_uid_7_69f357c67c685 = new tdBlock();\nblock_td_uid_7_69f357c67c685.id = \"td_uid_7_69f357c67c685\";\nblock_td_uid_7_69f357c67c685.atts = '{\"limit\":\"4\",\"offset\":\"7\",\"separator\":\"\",\"custom_title\":\"\",\"custom_url\":\"\",\"block_template_id\":\"\",\"m10_tl\":\"\",\"m10_el\":\"\",\"post_ids\":\"\",\"category_id\":\"\",\"category_ids\":\"\",\"tag_slug\":\"\",\"autors_id\":\"\",\"installed_post_types\":\"\",\"sort\":\"\",\"el_class\":\"\",\"td_ajax_filter_type\":\"\",\"td_ajax_filter_ids\":\"\",\"td_filter_default_txt\":\"All\",\"td_ajax_preloading\":\"\",\"f_header_font_header\":\"\",\"f_header_font_title\":\"Block header\",\"f_header_font_settings\":\"\",\"f_header_font_family\":\"\",\"f_header_font_size\":\"\",\"f_header_font_line_height\":\"\",\"f_header_font_style\":\"\",\"f_header_font_weight\":\"\",\"f_header_font_transform\":\"\",\"f_header_font_spacing\":\"\",\"f_header_\":\"\",\"f_ajax_font_title\":\"Ajax categories\",\"f_ajax_font_settings\":\"\",\"f_ajax_font_family\":\"\",\"f_ajax_font_size\":\"\",\"f_ajax_font_line_height\":\"\",\"f_ajax_font_style\":\"\",\"f_ajax_font_weight\":\"\",\"f_ajax_font_transform\":\"\",\"f_ajax_font_spacing\":\"\",\"f_ajax_\":\"\",\"f_more_font_title\":\"Load more button\",\"f_more_font_settings\":\"\",\"f_more_font_family\":\"\",\"f_more_font_size\":\"\",\"f_more_font_line_height\":\"\",\"f_more_font_style\":\"\",\"f_more_font_weight\":\"\",\"f_more_font_transform\":\"\",\"f_more_font_spacing\":\"\",\"f_more_\":\"\",\"m10f_title_font_header\":\"\",\"m10f_title_font_title\":\"Article title\",\"m10f_title_font_settings\":\"\",\"m10f_title_font_family\":\"\",\"m10f_title_font_size\":\"\",\"m10f_title_font_line_height\":\"\",\"m10f_title_font_style\":\"\",\"m10f_title_font_weight\":\"\",\"m10f_title_font_transform\":\"\",\"m10f_title_font_spacing\":\"\",\"m10f_title_\":\"\",\"m10f_cat_font_title\":\"Article category tag\",\"m10f_cat_font_settings\":\"\",\"m10f_cat_font_family\":\"\",\"m10f_cat_font_size\":\"\",\"m10f_cat_font_line_height\":\"\",\"m10f_cat_font_style\":\"\",\"m10f_cat_font_weight\":\"\",\"m10f_cat_font_transform\":\"\",\"m10f_cat_font_spacing\":\"\",\"m10f_cat_\":\"\",\"m10f_meta_font_title\":\"Article meta info\",\"m10f_meta_font_settings\":\"\",\"m10f_meta_font_family\":\"\",\"m10f_meta_font_size\":\"\",\"m10f_meta_font_line_height\":\"\",\"m10f_meta_font_style\":\"\",\"m10f_meta_font_weight\":\"\",\"m10f_meta_font_transform\":\"\",\"m10f_meta_font_spacing\":\"\",\"m10f_meta_\":\"\",\"m10f_ex_font_title\":\"Article excerpt\",\"m10f_ex_font_settings\":\"\",\"m10f_ex_font_family\":\"\",\"m10f_ex_font_size\":\"\",\"m10f_ex_font_line_height\":\"\",\"m10f_ex_font_style\":\"\",\"m10f_ex_font_weight\":\"\",\"m10f_ex_font_transform\":\"\",\"m10f_ex_font_spacing\":\"\",\"m10f_ex_\":\"\",\"ajax_pagination\":\"\",\"ajax_pagination_infinite_stop\":\"\",\"css\":\"\",\"tdc_css\":\"\",\"td_column_number\":2,\"header_color\":\"\",\"color_preset\":\"\",\"border_top\":\"\",\"class\":\"td_uid_7_69f357c67c685_rand\",\"tdc_css_class\":\"td_uid_7_69f357c67c685_rand\",\"tdc_css_class_style\":\"td_uid_7_69f357c67c685_rand_style\"}';\nblock_td_uid_7_69f357c67c685.td_column_number = \"2\";\nblock_td_uid_7_69f357c67c685.block_type = \"td_block_11\";\nblock_td_uid_7_69f357c67c685.post_count = \"4\";\nblock_td_uid_7_69f357c67c685.found_posts = \"311\";\nblock_td_uid_7_69f357c67c685.header_color = \"\";\nblock_td_uid_7_69f357c67c685.ajax_pagination_infinite_stop = \"\";\nblock_td_uid_7_69f357c67c685.max_num_pages = \"76\";\ntdBlocksArray.push(block_td_uid_7_69f357c67c685);\n<\/script><div class=\"td-block-title-wrap\"><\/div><div id=td_uid_7_69f357c67c685 class=\"td_block_inner\">\n\n\t<div class=\"td-block-span12\">\n\r\n        <div class=\"td_module_10 td_module_wrap td-animation-stack\">\r\n            <div class=\"td-module-thumb\"><a href=\"https:\/\/skak.is\/skaksamband\/2025\/07\/11\/framhaldsadalfundur-si-2\/\" rel=\"bookmark\" class=\"td-image-wrap\" title=\"Framhaldsa\u00f0alfundur S\u00cd kl. 17 \u00ed dag &#8211; endanleg \u00e1rssk\u00fdrsla\"><img decoding=\"async\" width=\"\" height=\"\" class=\"entry-thumb\" src=\"https:\/\/i0.wp.com\/skak.is\/skaksamband\/wp-content\/uploads\/sites\/8\/2020\/03\/Skaksamband-logo_med_frettum.png?resize=218%2C150&ssl=1\" alt=\"\" title=\"Framhaldsa\u00f0alfundur S\u00cd kl. 17 \u00ed dag &#8211; endanleg \u00e1rssk\u00fdrsla\"\/><\/a><\/div>\r\n            <div class=\"item-details\">\r\n            <h3 class=\"entry-title td-module-title\"><a href=\"https:\/\/skak.is\/skaksamband\/2025\/07\/11\/framhaldsadalfundur-si-2\/\" rel=\"bookmark\" title=\"Framhaldsa\u00f0alfundur S\u00cd kl. 17 \u00ed dag &#8211; endanleg \u00e1rssk\u00fdrsla\">Framhaldsa\u00f0alfundur S\u00cd kl. 17 \u00ed dag &#8211; endanleg \u00e1rssk\u00fdrsla<\/a><\/h3>\r\n                <div class=\"td-module-meta-info\">\r\n                    <a href=\"https:\/\/skak.is\/skaksamband\/category\/frettir\/\" class=\"td-post-category\">Fr\u00e9ttir<\/a>                        <span class=\"td-post-author-name\"><a href=\"https:\/\/skak.is\/skaksamband\/author\/skaksambandislands\/\">Sk\u00e1ksamband \u00cdslands<\/a> <span>-<\/span> <\/span>                        <span class=\"td-post-date\"><time class=\"entry-date updated td-module-date\" datetime=\"2025-07-11T08:04:49+00:00\" >11. j\u00fal\u00ed, 2025<\/time><\/span>                                        <\/div>\r\n\r\n                <div class=\"td-excerpt\">\r\n                    Minnt er \u00e1 framhaldsa\u00f0alfund S\u00cd, f\u00f6studaginn 11. j\u00fal\u00ed, kl. 17.\u00a0Fundurinn fer fram \u00ed sal Sk\u00e1ksk\u00f3la \u00cdslands.\r\n\r\n\u00c1 dagskr\u00e1 eru:\r\n\r\n5. Gjaldkeri gerir grein fyrir reikningum s\u00ed\u00f0asta...                <\/div>\r\n            <\/div>\r\n\r\n        <\/div>\r\n\r\n        \n\t<\/div> <!-- .\/td-block-span12 -->\n\n\t<div class=\"td-block-span12\">\n\r\n        <div class=\"td_module_10 td_module_wrap td-animation-stack\">\r\n            <div class=\"td-module-thumb\"><a href=\"https:\/\/skak.is\/skaksamband\/2025\/06\/30\/upplysingapostur-si-ny-stjorn-tekin-vid\/\" rel=\"bookmark\" class=\"td-image-wrap\" title=\"Uppl\u00fdsingap\u00f3stur S\u00cd &#8211; n\u00fd stj\u00f3rn tekin vi\u00f0\"><img decoding=\"async\" width=\"\" height=\"\" class=\"entry-thumb\" src=\"https:\/\/i0.wp.com\/skak.is\/skaksamband\/wp-content\/uploads\/sites\/8\/2020\/03\/Skaksamband-logo_med_frettum.png?resize=218%2C150&ssl=1\" alt=\"\" title=\"Uppl\u00fdsingap\u00f3stur S\u00cd &#8211; n\u00fd stj\u00f3rn tekin vi\u00f0\"\/><\/a><\/div>\r\n            <div class=\"item-details\">\r\n            <h3 class=\"entry-title td-module-title\"><a href=\"https:\/\/skak.is\/skaksamband\/2025\/06\/30\/upplysingapostur-si-ny-stjorn-tekin-vid\/\" rel=\"bookmark\" title=\"Uppl\u00fdsingap\u00f3stur S\u00cd &#8211; n\u00fd stj\u00f3rn tekin vi\u00f0\">Uppl\u00fdsingap\u00f3stur S\u00cd &#8211; n\u00fd stj\u00f3rn tekin vi\u00f0<\/a><\/h3>\r\n                <div class=\"td-module-meta-info\">\r\n                    <a href=\"https:\/\/skak.is\/skaksamband\/category\/frettir\/\" class=\"td-post-category\">Fr\u00e9ttir<\/a>                        <span class=\"td-post-author-name\"><a href=\"https:\/\/skak.is\/skaksamband\/author\/gunnar\/\">Gunnar Bj\u00f6rnsson<\/a> <span>-<\/span> <\/span>                        <span class=\"td-post-date\"><time class=\"entry-date updated td-module-date\" datetime=\"2025-06-30T16:00:22+00:00\" >30. j\u00fan\u00ed, 2025<\/time><\/span>                                        <\/div>\r\n\r\n                <div class=\"td-excerpt\">\r\n                    \r\nFyrsti fundar n\u00fdrrar stj\u00f3rnar S\u00cd var haldin 24. j\u00fan\u00ed sl.\r\n\r\nEftirfarandi p\u00f3stur var sendur \u00e1 a\u00f0ildarf\u00e9l\u00f6g Sk\u00e1ksambands \u00cdslands \u00ed fyrradag.\r\n\r\n\r\nFundarger\u00f0ir S\u00cd m\u00e1 finna h\u00e9r: https:\/\/skak.is\/skaksamband\/fundargerdir\/\r\n\r\n\r\n\r\n--------------\r\n\r\n\r\nK\u00e6ru...                <\/div>\r\n            <\/div>\r\n\r\n        <\/div>\r\n\r\n        \n\t<\/div> <!-- .\/td-block-span12 -->\n\n\t<div class=\"td-block-span12\">\n\r\n        <div class=\"td_module_10 td_module_wrap td-animation-stack\">\r\n            <div class=\"td-module-thumb\"><a href=\"https:\/\/skak.is\/skaksamband\/2025\/06\/27\/framhaldsadalfundur-si\/\" rel=\"bookmark\" class=\"td-image-wrap\" title=\"Framhaldsa\u00f0alfundur S\u00cd\"><img decoding=\"async\" width=\"\" height=\"\" class=\"entry-thumb\" src=\"https:\/\/i0.wp.com\/skak.is\/skaksamband\/wp-content\/uploads\/sites\/8\/2020\/03\/Skaksamband-logo_med_frettum.png?resize=218%2C150&ssl=1\" alt=\"\" title=\"Framhaldsa\u00f0alfundur S\u00cd\"\/><\/a><\/div>\r\n            <div class=\"item-details\">\r\n            <h3 class=\"entry-title td-module-title\"><a href=\"https:\/\/skak.is\/skaksamband\/2025\/06\/27\/framhaldsadalfundur-si\/\" rel=\"bookmark\" title=\"Framhaldsa\u00f0alfundur S\u00cd\">Framhaldsa\u00f0alfundur S\u00cd<\/a><\/h3>\r\n                <div class=\"td-module-meta-info\">\r\n                    <a href=\"https:\/\/skak.is\/skaksamband\/category\/frettir\/\" class=\"td-post-category\">Fr\u00e9ttir<\/a>                        <span class=\"td-post-author-name\"><a href=\"https:\/\/skak.is\/skaksamband\/author\/gunnar\/\">Gunnar Bj\u00f6rnsson<\/a> <span>-<\/span> <\/span>                        <span class=\"td-post-date\"><time class=\"entry-date updated td-module-date\" datetime=\"2025-06-27T17:06:49+00:00\" >27. j\u00fan\u00ed, 2025<\/time><\/span>                                        <\/div>\r\n\r\n                <div class=\"td-excerpt\">\r\n                    Minnt er \u00e1 framhaldsa\u00f0alfund S\u00cd, f\u00f6studaginn 11. j\u00fal\u00ed, kl. 17 \u00ed h\u00fasn\u00e6\u00f0i Taflf\u00e9lags Reykjav\u00edkur.\r\n\r\n\u00c1 dagskr\u00e1 eru:\r\n\r\n5. Gjaldkeri gerir grein fyrir reikningum s\u00ed\u00f0asta \u00e1rs\r\n6. Afgrei\u00f0sla...                <\/div>\r\n            <\/div>\r\n\r\n        <\/div>\r\n\r\n        \n\t<\/div> <!-- .\/td-block-span12 -->\n\n\t<div class=\"td-block-span12\">\n\r\n        <div class=\"td_module_10 td_module_wrap td-animation-stack\">\r\n            <div class=\"td-module-thumb\"><a href=\"https:\/\/skak.is\/skaksamband\/2025\/05\/14\/adalfundur-si-fer-fram-14-juni\/\" rel=\"bookmark\" class=\"td-image-wrap\" title=\"A\u00f0alfundur S\u00cd fer fram 14. j\u00fan\u00ed\"><img decoding=\"async\" width=\"\" height=\"\" class=\"entry-thumb\" src=\"https:\/\/i0.wp.com\/skak.is\/skaksamband\/wp-content\/uploads\/sites\/8\/2020\/03\/Skaksamband-logo_med_frettum.png?resize=218%2C150&ssl=1\" alt=\"\" title=\"A\u00f0alfundur S\u00cd fer fram 14. j\u00fan\u00ed\"\/><\/a><\/div>\r\n            <div class=\"item-details\">\r\n            <h3 class=\"entry-title td-module-title\"><a href=\"https:\/\/skak.is\/skaksamband\/2025\/05\/14\/adalfundur-si-fer-fram-14-juni\/\" rel=\"bookmark\" title=\"A\u00f0alfundur S\u00cd fer fram 14. j\u00fan\u00ed\">A\u00f0alfundur S\u00cd fer fram 14. j\u00fan\u00ed<\/a><\/h3>\r\n                <div class=\"td-module-meta-info\">\r\n                    <a href=\"https:\/\/skak.is\/skaksamband\/category\/frettir\/\" class=\"td-post-category\">Fr\u00e9ttir<\/a>                        <span class=\"td-post-author-name\"><a href=\"https:\/\/skak.is\/skaksamband\/author\/gunnar\/\">Gunnar Bj\u00f6rnsson<\/a> <span>-<\/span> <\/span>                        <span class=\"td-post-date\"><time class=\"entry-date updated td-module-date\" datetime=\"2025-05-14T16:00:24+00:00\" >14. ma\u00ed, 2025<\/time><\/span>                                        <\/div>\r\n\r\n                <div class=\"td-excerpt\">\r\n                    Stj\u00f3rn Sk\u00e1ksambands \u00cdslands bo\u00f0ar h\u00e9r me\u00f0 til a\u00f0alfundar Sk\u00e1ksambandsins \u00ed samr\u00e6mi vi\u00f0 5. gr. laga S\u00cd.\r\nFundurinn ver\u00f0ur haldinn\u00a0laugardaginn 14. j\u00fan\u00ed \u00a0kl. 13:00 \u00ed f\u00e9lagsheimilinu...                <\/div>\r\n            <\/div>\r\n\r\n        <\/div>\r\n\r\n        \n\t<\/div> <!-- .\/td-block-span12 --><\/div><\/div> <!-- .\/block --><\/div><\/div><div class=\"vc_column td_uid_8_69f357c67e4de_rand  wpb_column vc_column_container tdc-column td-pb-span4\"><div class=\"wpb_wrapper\"><div class=\"wpb_wrapper td_block_wrap vc_widget_sidebar td_uid_9_69f357c67e577_rand \" ><aside class=\"td_block_template_1 widget widget_nav_menu\"><h4 class=\"block-title\"><span>Fl\u00fdtilei\u00f0ir<\/span><\/h4><div class=\"menu-flytileidir-container\"><ul id=\"menu-flytileidir\" class=\"menu\"><li id=\"menu-item-797\" class=\"menu-item menu-item-type-post_type menu-item-object-page menu-item-first menu-item-797\"><a href=\"https:\/\/skak.is\/skaksamband\/um-ssi\/arsreikingar-og-skyrslur\/\">\u00c1rsreikningar og sk\u00fdrslur<\/a><\/li>\n<li id=\"menu-item-929\" class=\"menu-item menu-item-type-custom menu-item-object-custom menu-item-929\"><a href=\"http:\/\/li452-10.members.linode.com\/\">F\u00e9lagagrunnur sk\u00e1kmanna<\/a><\/li>\n<li id=\"menu-item-794\" class=\"menu-item menu-item-type-post_type menu-item-object-page menu-item-794\"><a href=\"https:\/\/skak.is\/skaksamband\/fundargerdir\/\">Fundarger\u00f0ir<\/a><\/li>\n<li id=\"menu-item-798\" class=\"menu-item menu-item-type-post_type menu-item-object-page menu-item-798\"><a href=\"https:\/\/skak.is\/skaksamband\/um-ssi\/log-skaksambands-islands\/\">L\u00f6g Sk\u00e1ksambands \u00cdslands<\/a><\/li>\n<li id=\"menu-item-795\" class=\"menu-item menu-item-type-post_type menu-item-object-page menu-item-795\"><a href=\"https:\/\/skak.is\/skaksamband\/motaaetlun\/\">M\u00f3ta\u00e1\u00e6tlun<\/a><\/li>\n<li id=\"menu-item-799\" class=\"menu-item menu-item-type-post_type menu-item-object-page menu-item-799\"><a href=\"https:\/\/skak.is\/skaksamband\/um-ssi\/nefndir-og-rad\/\">Nefndir og r\u00e1\u00f0<\/a><\/li>\n<li id=\"menu-item-800\" class=\"menu-item menu-item-type-post_type menu-item-object-page menu-item-800\"><a href=\"https:\/\/skak.is\/skaksamband\/um-ssi\/reglugerdir\/\">Regluger\u00f0ir S\u00cd og Si\u00f0areglur<\/a><\/li>\n<li id=\"menu-item-796\" class=\"menu-item menu-item-type-post_type menu-item-object-page menu-item-796\"><a href=\"https:\/\/skak.is\/skaksamband\/skakmenn\/\">Sk\u00e1kmenn<\/a><\/li>\n<li id=\"menu-item-801\" class=\"menu-item menu-item-type-post_type menu-item-object-page menu-item-801\"><a href=\"https:\/\/skak.is\/skaksamband\/um-ssi\/skaklog-skaksambands-islands\/\">Sk\u00e1kl\u00f6g Sk\u00e1ksambands \u00cdslands<\/a><\/li>\n<li id=\"menu-item-802\" class=\"menu-item menu-item-type-post_type menu-item-object-page menu-item-802\"><a href=\"https:\/\/skak.is\/skaksamband\/um-ssi\/skrifstofa-s-i\/\">Skrifstofa S\u00cd<\/a><\/li>\n<li id=\"menu-item-803\" class=\"menu-item menu-item-type-post_type menu-item-object-page menu-item-803\"><a href=\"https:\/\/skak.is\/skaksamband\/um-ssi\/stjorn-s-i\/\">Stj\u00f3rn S\u00cd 2025-26<\/a><\/li>\n<li id=\"menu-item-793\" class=\"menu-item menu-item-type-post_type menu-item-object-page menu-item-793\"><a href=\"https:\/\/skak.is\/skaksamband\/um-ssi\/thjonusta-og-eydublod\/\">\u00dej\u00f3nusta og ey\u00f0ubl\u00f6\u00f0<\/a><\/li>\n<li id=\"menu-item-2558\" class=\"menu-item menu-item-type-custom menu-item-object-custom menu-item-2558\"><a href=\"https:\/\/skak.is\/skaksamband\/2020\/08\/12\/domstoll-si-domar-fra-2011\/\">D\u00f3mst\u00f3ll S\u00cd &#8211; d\u00f3mar fr\u00e1 2011<\/a><\/li>\n<\/ul><\/div><\/aside><aside class=\"td_block_template_1 widget widget_ai1ec_agenda_widget\">\n\n\t<h4 class=\"block-title\"><span>N\u00e6stu vi\u00f0bur\u00f0ir<\/span><\/h4>\n\n<style>\n<!--\n\n-->\n<\/style>\n<div class=\"timely ai1ec-agenda-widget-view ai1ec-clearfix\">\n\n\t\t\t<p class=\"ai1ec-no-results\">\n\t\t\t\u00dea\u00f0 eru engir vi\u00f0bur\u00f0ir \u00e1 n\u00e6stunni.\n\t\t<\/p>\n\t \n\t\t\t<div class=\"ai1ec-subscribe-buttons-widget\">\n\t\t\t\t\t\t\t<a class=\"ai1ec-btn ai1ec-btn-default ai1ec-btn-xs ai1ec-pull-right\n\t\t\t\t\tai1ec-calendar-link\"\n\t\t\t\t\thref=\"https&#x3A;&#x2F;&#x2F;skak.is&#x2F;skaksamband&#x2F;motaaetlun&#x2F;\">\n\t\t\t\t\tSko\u00f0a m\u00f3ta\u00e1\u00e6tlun\n\t\t\t\t\t<i class=\"ai1ec-fa ai1ec-fa-arrow-right\"><\/i>\n\t\t\t\t<\/a>\n\t\t\t\n\t\t\t\t\t<\/div>\n\t \n<\/div>\n\n\n\n<\/aside><\/div><\/div><\/div><\/div><\/div>\r\n\t\t<script>\r\n\r\n\t\t\tjQuery(window).load(function () {\r\n\t\t\t\tjQuery('body').find('#td_uid_3_69f357c67b936 .td-element-style').each(function (index, element) {\r\n\t\t\t\t\tjQuery(element).css('opacity', 1);\r\n\t\t\t\t\treturn;\r\n\t\t\t\t});\r\n\t\t\t});\r\n\r\n\t\t<\/script>\r\n\r\n\t\t\r\n\t\t\t<script>\r\n\r\n\t\t\t\tjQuery(window).ready(function () {\r\n\r\n\t\t\t\t\t\/\/ We need timeout because the content must be rendered and interpreted on client\r\n\t\t\t\t\tsetTimeout(function () {\r\n\r\n\t\t\t\t\t\tvar $content = jQuery('body').find('#tdc-live-iframe'),\r\n\t\t\t\t\t\t\trefWindow = undefined;\r\n\r\n\t\t\t\t\t\tif ($content.length) {\r\n\t\t\t\t\t\t\t$content = $content.contents();\r\n\t\t\t\t\t\t\trefWindow = document.getElementById('tdc-live-iframe').contentWindow || document.getElementById('tdc-live-iframe').contentDocument;\r\n\r\n\t\t\t\t\t\t} else {\r\n\t\t\t\t\t\t\t$content = jQuery('body');\r\n\t\t\t\t\t\t\trefWindow = window;\r\n\t\t\t\t\t\t}\r\n\r\n\t\t\t\t\t\t$content.find('#td_uid_3_69f357c67b936 .td-element-style').each(function (index, element) {\r\n\t\t\t\t\t\t\tjQuery(element).css('opacity', 1);\r\n\t\t\t\t\t\t\treturn;\r\n\t\t\t\t\t\t});\r\n\t\t\t\t\t});\r\n\r\n\t\t\t\t}, 200);\r\n\t\t\t<\/script>\r\n\r\n\t\t\t","protected":false},"excerpt":{"rendered":"<p>Fr\u00e9ttir \u00c1skorendaflokkur \u00cdslandsm\u00f3tsins \u00ed sk\u00e1k fer fram 31. ma\u00ed &#8211; 7. j\u00fan\u00ed Gunnar Bj\u00f6rnsson - 6. apr\u00edl, 2026 Fr\u00e9ttir \u00cdslandsm\u00f3t grunnsk\u00f3lasveita \u2013 st\u00falknaflokkar fara fram \u00e1 laugardaginn Gunnar Bj\u00f6rnsson - 22. jan\u00faar, 2026 Fr\u00e9ttir T\u00edu \u00cdslandsmeistarar kr\u00fdndir \u00e1 \u00cdslandsm\u00f3ti ungmenna! Gunnar Bj\u00f6rnsson - 30. n\u00f3vember, 2025 Fr\u00e9ttir \u00cdslandsm\u00f3t ungmenna (u8-u16) fer fram \u00e1 morgun &#8211; [...]<\/p>\n","protected":false},"author":1,"featured_media":0,"parent":0,"menu_order":0,"comment_status":"closed","ping_status":"closed","template":"","meta":{"footnotes":""},"class_list":["post-31","page","type-page","status-publish","hentry"],"_links":{"self":[{"href":"https:\/\/skak.is\/skaksamband\/wp-json\/wp\/v2\/pages\/31","targetHints":{"allow":["GET"]}}],"collection":[{"href":"https:\/\/skak.is\/skaksamband\/wp-json\/wp\/v2\/pages"}],"about":[{"href":"https:\/\/skak.is\/skaksamband\/wp-json\/wp\/v2\/types\/page"}],"author":[{"embeddable":true,"href":"https:\/\/skak.is\/skaksamband\/wp-json\/wp\/v2\/users\/1"}],"replies":[{"embeddable":true,"href":"https:\/\/skak.is\/skaksamband\/wp-json\/wp\/v2\/comments?post=31"}],"version-history":[{"count":88,"href":"https:\/\/skak.is\/skaksamband\/wp-json\/wp\/v2\/pages\/31\/revisions"}],"predecessor-version":[{"id":3005,"href":"https:\/\/skak.is\/skaksamband\/wp-json\/wp\/v2\/pages\/31\/revisions\/3005"}],"wp:attachment":[{"href":"https:\/\/skak.is\/skaksamband\/wp-json\/wp\/v2\/media?parent=31"}],"curies":[{"name":"wp","href":"https:\/\/api.w.org\/{rel}","templated":true}]}}